{"id":2978,"date":"2018-06-17T22:04:37","date_gmt":"2018-06-17T20:04:37","guid":{"rendered":"https:\/\/www.persofoto.de\/lexikon\/?page_id=2978"},"modified":"2018-06-17T23:14:03","modified_gmt":"2018-06-17T21:14:03","slug":"spanien","status":"publish","type":"page","link":"https:\/\/www.persofoto.de\/lexikon\/einreisebestimmungen\/spanien\/","title":{"rendered":"\ud83c\uddea\ud83c\uddf8 Spanien"},"content":{"rendered":"<p>Die Einreise nach Spanien ist mit einem deutschen Personalausweis uneingeschr\u00e4nkt m\u00f6glich, selbst wenn dieser bis zu einem Jahr abgelaufen ist. Ein Reisepass wird selbstverst\u00e4ndlich auch anerkannt. Kinderreisep\u00e4sse ebenfalls.<\/p>\n<div class=\"table-responsive\">\n<table class=\"list\">\n<tbody>\n<tr class=\"odge\">\n<th>(vorl\u00e4ufiger) Personalausweis<\/th>\n<td>(ja) \/ ja<\/td>\n<\/tr>\n<tr class=\"even\">\n<th>Kinderreisepass<\/th>\n<td>ja<\/td>\n<\/tr>\n<tr class=\"odge\">\n<th>(vorl\u00e4ufiger) Reisepass<\/th>\n<td>(ja) \/ ja<\/td>\n<\/tr>\n<\/tbody>\n<\/table>\n<\/div>\n<hr \/>\n<p>Nativ: Reino de Espa\u00f1a.<\/p>\n<p>Einreise mit: Personalausweis \ud83c\udd94, Reisepass \ud83d\udec2, Kinderreisepass \ud83d\udc76\ud83d\udec2.<\/p>\n","protected":false},"excerpt":{"rendered":"Die Einreise nach Spanien ist mit einem deutschen Personalausweis uneingeschr\u00e4nkt m\u00f6glich, selbst wenn dieser bis zu einem Jahr abgelaufen ist. Ein Reisepass wird selbstverst\u00e4ndlich auch anerkannt. Kinderreisep\u00e4sse ebenfalls. (vorl\u00e4ufiger) Personalausweis (ja) \/ ja Kinderreisepass ja (vorl\u00e4ufiger) Reisepass (ja) \/ ja Nativ: Reino de Espa\u00f1a. Einreise mit: Personalausweis \ud83c\udd94, Reisepass \ud83d\udec2, Kinderreisepass \ud83d\udc76\ud83d\udec2.","protected":false},"author":1,"featured_media":0,"parent":923,"menu_order":0,"comment_status":"closed","ping_status":"closed","template":"","meta":[],"_links":{"self":[{"href":"https:\/\/www.persofoto.de\/lexikon\/wp-json\/wp\/v2\/pages\/2978"}],"collection":[{"href":"https:\/\/www.persofoto.de\/lexikon\/wp-json\/wp\/v2\/pages"}],"about":[{"href":"https:\/\/www.persofoto.de\/lexikon\/wp-json\/wp\/v2\/types\/page"}],"author":[{"embeddable":true,"href":"https:\/\/www.persofoto.de\/lexikon\/wp-json\/wp\/v2\/users\/1"}],"replies":[{"embeddable":true,"href":"https:\/\/www.persofoto.de\/lexikon\/wp-json\/wp\/v2\/comments?post=2978"}],"version-history":[{"count":4,"href":"https:\/\/www.persofoto.de\/lexikon\/wp-json\/wp\/v2\/pages\/2978\/revisions"}],"predecessor-version":[{"id":3048,"href":"https:\/\/www.persofoto.de\/lexikon\/wp-json\/wp\/v2\/pages\/2978\/revisions\/3048"}],"up":[{"embeddable":true,"href":"https:\/\/www.persofoto.de\/lexikon\/wp-json\/wp\/v2\/pages\/923"}],"wp:attachment":[{"href":"https:\/\/www.persofoto.de\/lexikon\/wp-json\/wp\/v2\/media?parent=2978"}],"curies":[{"name":"wp","href":"https:\/\/api.w.org\/{rel}","templated":true}]}}